{"id":6311,"date":"2025-07-17T07:55:55","date_gmt":"2025-07-17T07:55:55","guid":{"rendered":"https:\/\/www.ral-c.com\/?page_id=6311"},"modified":"2025-07-17T08:14:07","modified_gmt":"2025-07-17T08:14:07","slug":"barrierefreiheit","status":"publish","type":"page","link":"https:\/\/www.ral-c.com\/de\/barrierefreiheit\/","title":{"rendered":"Barrierefreiheit"},"content":{"rendered":"\t\t<div data-elementor-type=\"wp-page\" data-elementor-id=\"6311\" class=\"elementor elementor-6311\" data-elementor-post-type=\"page\">\n\t\t\t\t<div class=\"elementor-element elementor-element-69d6e15 e-flex e-con-boxed e-con e-parent\" data-id=\"69d6e15\" data-element_type=\"container\" data-e-type=\"container\">\n\t\t\t\t\t<div class=\"e-con-inner\">\n\t\t<div class=\"elementor-element elementor-element-daf3822 e-con-full e-flex e-con e-child\" data-id=\"daf3822\" data-element_type=\"container\" data-e-type=\"container\">\n\t\t\t\t<div class=\"elementor-element elementor-element-d4a1a2c elementor-widget elementor-widget-heading\" data-id=\"d4a1a2c\" data-element_type=\"widget\" data-e-type=\"widget\" data-widget_type=\"heading.default\">\n\t\t\t\t<div class=\"elementor-widget-container\">\n\t\t\t\t\t<h1 class=\"elementor-heading-title elementor-size-default\">Erkl\u00e4rung zur Barriere\u00adfreiheit<\/h1>\t\t\t\t<\/div>\n\t\t\t\t<\/div>\n\t\t\t\t<div class=\"elementor-element elementor-element-ab44ff5 elementor-widget elementor-widget-text-editor\" data-id=\"ab44ff5\" data-element_type=\"widget\" data-e-type=\"widget\" data-widget_type=\"text-editor.default\">\n\t\t\t\t<div class=\"elementor-widget-container\">\n\t\t\t\t\t\t\t\t\t<p>Die G\u00fctegemeinschaft Kerzen e. V. ist bem\u00fcht, ihre Webseite in Einklang mit \u00a7 10 Absatz 1 des Landes-Behindertengleichstellungsgesetzes (L-BGG) barrierefrei zug\u00e4nglich zu machen.\u00a0<\/p><div class=\"content-schmal\"><p>Diese Erkl\u00e4rung zur Barrierefreiheit gilt f\u00fcr <a href=\"https:\/\/www.ral-c.com\/\">www.ral-c.com<\/a>.<\/p><\/div>\t\t\t\t\t\t\t\t<\/div>\n\t\t\t\t<\/div>\n\t\t\t\t<div class=\"elementor-element elementor-element-8601769 elementor-widget elementor-widget-text-editor\" data-id=\"8601769\" data-element_type=\"widget\" data-e-type=\"widget\" data-widget_type=\"text-editor.default\">\n\t\t\t\t<div class=\"elementor-widget-container\">\n\t\t\t\t\t\t\t\t\t<p>1. Stand der Vereinbarkeit mit den Anforderungen<\/p>\t\t\t\t\t\t\t\t<\/div>\n\t\t\t\t<\/div>\n\t\t\t\t<div class=\"elementor-element elementor-element-70e8e47 elementor-widget elementor-widget-text-editor\" data-id=\"70e8e47\" data-element_type=\"widget\" data-e-type=\"widget\" data-widget_type=\"text-editor.default\">\n\t\t\t\t<div class=\"elementor-widget-container\">\n\t\t\t\t\t\t\t\t\t<p>Diese Website ist wegen der folgenden Unvereinbarkeiten und Ausnahmen nur teilweise mit \u00a7 10 Absatz 1 L-BGG vereinbar.<\/p>\t\t\t\t\t\t\t\t<\/div>\n\t\t\t\t<\/div>\n\t\t\t\t<div class=\"elementor-element elementor-element-be2fcd1 elementor-widget elementor-widget-text-editor\" data-id=\"be2fcd1\" data-element_type=\"widget\" data-e-type=\"widget\" data-widget_type=\"text-editor.default\">\n\t\t\t\t<div class=\"elementor-widget-container\">\n\t\t\t\t\t\t\t\t\t<p>2. Nicht barrierefreie Inhalte<\/p>\t\t\t\t\t\t\t\t<\/div>\n\t\t\t\t<\/div>\n\t\t\t\t<div class=\"elementor-element elementor-element-64ced7d elementor-widget elementor-widget-text-editor\" data-id=\"64ced7d\" data-element_type=\"widget\" data-e-type=\"widget\" data-widget_type=\"text-editor.default\">\n\t\t\t\t<div class=\"elementor-widget-container\">\n\t\t\t\t\t\t\t\t\t<p><strong>a) \u00a0 \u00a0 \u00a0Unvereinbarkeit mit \u00a7 10 Absatz 1 L-BGG \u00a0 \u00a0\u00a0<\/strong>\u00a0 \u00a0\u00a0<\/p><ul><li>verschiedene\u00a0<strong>Kontraste\u00a0<\/strong>entsprechen nicht den Zielvorgaben<\/li><li>Fokus bzw.\u00a0<strong>visuelle Hervorhebung<\/strong>\u00a0angesteuerter Elemente nicht \u00fcberall vorhanden<\/li><li><strong>Linkbeschreibungen\u00a0<\/strong>nur teilweise vorhanden<\/li><li><strong>Alternativtexte\u00a0<\/strong>sind nicht vollst\u00e4ndig eingepflegt<\/li><li><strong>Meta-Daten<\/strong>\u00a0weniger Unterseiten sind nicht gepflegt<\/li><li>die zum Download angebotenen\u00a0<strong>PDF-Dateien<\/strong>\u00a0entsprechen nicht den Richtlinien f\u00fcr die Barrierefreiheit<\/li><li><strong>Videos\u00a0<\/strong>werden ohne Untertitel abgespielt<\/li><li><strong>Videos\u00a0<\/strong>werden nicht mit Geb\u00e4rdensprache ausgegeben<\/li><li><strong>Buttons\u00a0<\/strong>(Suche und Nach-Oben) werden ohne Text angezeigt<\/li><li>verschiedene,\u00a0<strong>klickbare Elemente<\/strong>\u00a0werden zu klein dargestellt<\/li><li><strong>Grafiken\u00a0<\/strong>werden nicht barrierefrei (svg-Datei) ausgegeben<\/li><li><strong>Leichte Sprache<\/strong>\u00a0wird noch nicht angeboten<\/li><\/ul><p>An der Behebung dieser Barrieren arbeiten wir kontinuierlich. Wir bitten Sie um Verst\u00e4ndnis, dass dies noch Zeit in Anspruch nehmen wird, bis die Anforderungen vollst\u00e4ndig umgesetzt werden k\u00f6nnen. Gerne k\u00f6nnen Sie Kontakt mit uns aufnehmen, falls Sie zu unseren angebotenen Inhalten auf dieser Website Hilfe ben\u00f6tigen.\u00a0<\/p>\t\t\t\t\t\t\t\t<\/div>\n\t\t\t\t<\/div>\n\t\t\t\t<div class=\"elementor-element elementor-element-b29b5fc elementor-widget elementor-widget-text-editor\" data-id=\"b29b5fc\" data-element_type=\"widget\" data-e-type=\"widget\" data-widget_type=\"text-editor.default\">\n\t\t\t\t<div class=\"elementor-widget-container\">\n\t\t\t\t\t\t\t\t\t<p>3. Erstellung dieser Erkl\u00e4rung zur Barrierefreiheit<\/p>\t\t\t\t\t\t\t\t<\/div>\n\t\t\t\t<\/div>\n\t\t\t\t<div class=\"elementor-element elementor-element-1e049d3 elementor-widget elementor-widget-text-editor\" data-id=\"1e049d3\" data-element_type=\"widget\" data-e-type=\"widget\" data-widget_type=\"text-editor.default\">\n\t\t\t\t<div class=\"elementor-widget-container\">\n\t\t\t\t\t\t\t\t\t<p>Diese Erkl\u00e4rung wurde am 17.07.2025 erstellt.<\/p><p>Die Erkl\u00e4rung beruht auf einer Selbstbewertung nach \u00a7 4 Absatz 2 und wurde zuletzt am 17.07.2025 \u00fcberpr\u00fcft.<\/p>\t\t\t\t\t\t\t\t<\/div>\n\t\t\t\t<\/div>\n\t\t\t\t<div class=\"elementor-element elementor-element-3e17447 elementor-widget elementor-widget-text-editor\" data-id=\"3e17447\" data-element_type=\"widget\" data-e-type=\"widget\" data-widget_type=\"text-editor.default\">\n\t\t\t\t<div class=\"elementor-widget-container\">\n\t\t\t\t\t\t\t\t\t<p>4. R\u00fcckmeldung und Kontaktangaben<\/p>\t\t\t\t\t\t\t\t<\/div>\n\t\t\t\t<\/div>\n\t\t\t\t<div class=\"elementor-element elementor-element-f390160 elementor-widget elementor-widget-text-editor\" data-id=\"f390160\" data-element_type=\"widget\" data-e-type=\"widget\" data-widget_type=\"text-editor.default\">\n\t\t\t\t<div class=\"elementor-widget-container\">\n\t\t\t\t\t\t\t\t\t<p>Wir arbeiten laufend daran, unsere Website barrierefrei zu gestalten und die Vorgaben des Landes-Behindertengleichstellungsgesetzes (L-BGG) umzusetzen. <br \/>Sind Ihnen weitere Barrieren auf unserer Internetseite aufgefallen? Dann freuen wir uns \u00fcber Ihren Hinweis.<\/p><p>Melden Sie sich bei uns per Telefon oder per E-Mail:<\/p><p>G\u00fctegemeinschaft Kerzen e. V.<br \/>Zum Burgstall 13<br \/>D-88677 Markdorf<br \/>+49 (0)7544 9626-873<br \/><a href=\"mailto:info@guetezeichen-kerzen.com\">info@guetezeichen-kerzen.com<\/a><\/p>\t\t\t\t\t\t\t\t<\/div>\n\t\t\t\t<\/div>\n\t\t\t\t<div class=\"elementor-element elementor-element-a2c10b9 elementor-widget elementor-widget-text-editor\" data-id=\"a2c10b9\" data-element_type=\"widget\" data-e-type=\"widget\" data-widget_type=\"text-editor.default\">\n\t\t\t\t<div class=\"elementor-widget-container\">\n\t\t\t\t\t\t\t\t\t<p>5. Schlichtungsverfahren<\/p>\t\t\t\t\t\t\t\t<\/div>\n\t\t\t\t<\/div>\n\t\t\t\t<div class=\"elementor-element elementor-element-aa54e8a elementor-widget elementor-widget-text-editor\" data-id=\"aa54e8a\" data-element_type=\"widget\" data-e-type=\"widget\" data-widget_type=\"text-editor.default\">\n\t\t\t\t<div class=\"elementor-widget-container\">\n\t\t\t\t\t\t\t\t\t<p>Wenn Sie der Meinung sind, dass diese Webseite nicht barrierefrei zug\u00e4nglich ist, k\u00f6nnen Sie unsere in Ziffer 4 genannte Stelle oder Person dar\u00fcber informieren.<\/p><p>Falls wir Ihnen nicht oder nicht zufriedenstellend innerhalb von vier Wochen ab Zugang Ihrer Anfrage antworten, k\u00f6nnen Sie sich an die Schlichtungsstelle des Landeszentrums f\u00fcr Barrierefreiheit (LZ-BARR) wenden. Die Schlichtungsstelle erreichen Sie wie folgt:<\/p><p>Landeszentrum Barrierefreiheit<br \/>Schlichtungsstelle<br \/>Else-Josenhans-Stra\u00dfe 6<br \/>70173 Stuttgart<br \/>Telefon: 0711 123 39375<br \/>E-Mail:\u00a0<a href=\"mailto:schlichtung@barrierefreiheit.bwl.de\" target=\"_blank\" rel=\"noopener\">schlichtung@barrierefreiheit.bwl.de<\/a><br \/>Webseite:\u00a0<a class=\"ext\" href=\"https:\/\/barrierefreiheit-bw.de\/\" target=\"_blank\" rel=\"noopener\">https:\/\/barrierefreiheit-bw.de<\/a><\/p><p>Das Schlichtungsverfahren ist unentgeltlich.<\/p><p>Auf die M\u00f6glichkeit des Verbandsklagerechts nach \u00a7 12 Absatz 1 Satz 1 Nummer 4 L-BGG wird hingewiesen.<\/p>\t\t\t\t\t\t\t\t<\/div>\n\t\t\t\t<\/div>\n\t\t\t\t<\/div>\n\t\t\t\t\t<\/div>\n\t\t\t\t<\/div>\n\t\t\t\t<\/div>\n\t\t","protected":false},"excerpt":{"rendered":"<p>Erkl\u00e4rung zur Barriere\u00adfreiheit Die G\u00fctegemeinschaft Kerzen e. V. ist bem\u00fcht, ihre Webseite in Einklang mit \u00a7 10 Absatz 1 des Landes-Behindertengleichstellungsgesetzes (L-BGG) barrierefrei zug\u00e4nglich zu machen.\u00a0 Diese Erkl\u00e4rung zur Barrierefreiheit gilt f\u00fcr www.ral-c.com. 1. Stand der Vereinbarkeit mit den Anforderungen Diese Website ist wegen der folgenden Unvereinbarkeiten und Ausnahmen nur teilweise mit \u00a7 10 Absatz [&hellip;]<\/p>\n","protected":false},"author":2,"featured_media":0,"parent":0,"menu_order":0,"comment_status":"closed","ping_status":"closed","template":"elementor_header_footer","meta":{"footnotes":""},"class_list":["post-6311","page","type-page","status-publish","hentry"],"acf":[],"yoast_head":"<!-- This site is optimized with the Yoast SEO plugin v27.2 - https:\/\/yoast.com\/product\/yoast-seo-wordpress\/ -->\n<title>Barrierefreiheit - RAL<\/title>\n<meta name=\"description\" content=\"Erfahren Sie, wie RAL barrierefreie Gestaltung f\u00f6rdert \u2013 mit Normen, Farben und L\u00f6sungen f\u00fcr mehr Zug\u00e4nglichkeit im \u00f6ffentlichen Raum.\" \/>\n<meta name=\"robots\" content=\"noindex, follow\" \/>\n<meta property=\"og:locale\" content=\"de_DE\" \/>\n<meta property=\"og:type\" content=\"article\" \/>\n<meta property=\"og:title\" content=\"Barrierefreiheit - RAL\" \/>\n<meta property=\"og:description\" content=\"Erfahren Sie, wie RAL barrierefreie Gestaltung f\u00f6rdert \u2013 mit Normen, Farben und L\u00f6sungen f\u00fcr mehr Zug\u00e4nglichkeit im \u00f6ffentlichen Raum.\" \/>\n<meta property=\"og:url\" content=\"https:\/\/www.ral-c.com\/de\/barrierefreiheit\/\" \/>\n<meta property=\"og:site_name\" content=\"RAL\" \/>\n<meta property=\"article:publisher\" content=\"https:\/\/www.facebook.com\/kerzenguete\/\" \/>\n<meta property=\"article:modified_time\" content=\"2025-07-17T08:14:07+00:00\" \/>\n<meta name=\"twitter:card\" content=\"summary_large_image\" \/>\n<meta name=\"twitter:label1\" content=\"Gesch\u00e4tzte Lesezeit\" \/>\n\t<meta name=\"twitter:data1\" content=\"2\u00a0Minuten\" \/>\n<script type=\"application\/ld+json\" class=\"yoast-schema-graph\">{\"@context\":\"https:\/\/schema.org\",\"@graph\":[{\"@type\":\"WebPage\",\"@id\":\"https:\/\/www.ral-c.com\/de\/barrierefreiheit\/\",\"url\":\"https:\/\/www.ral-c.com\/de\/barrierefreiheit\/\",\"name\":\"Barrierefreiheit - RAL\",\"isPartOf\":{\"@id\":\"https:\/\/www.ral-c.com\/de\/#website\"},\"datePublished\":\"2025-07-17T07:55:55+00:00\",\"dateModified\":\"2025-07-17T08:14:07+00:00\",\"description\":\"Erfahren Sie, wie RAL barrierefreie Gestaltung f\u00f6rdert \u2013 mit Normen, Farben und L\u00f6sungen f\u00fcr mehr Zug\u00e4nglichkeit im \u00f6ffentlichen Raum.\",\"breadcrumb\":{\"@id\":\"https:\/\/www.ral-c.com\/de\/barrierefreiheit\/#breadcrumb\"},\"inLanguage\":\"de\",\"potentialAction\":[{\"@type\":\"ReadAction\",\"target\":[\"https:\/\/www.ral-c.com\/de\/barrierefreiheit\/\"]}]},{\"@type\":\"BreadcrumbList\",\"@id\":\"https:\/\/www.ral-c.com\/de\/barrierefreiheit\/#breadcrumb\",\"itemListElement\":[{\"@type\":\"ListItem\",\"position\":1,\"name\":\"Home\",\"item\":\"https:\/\/www.ral-c.com\/de\/\"},{\"@type\":\"ListItem\",\"position\":2,\"name\":\"Barrierefreiheit\"}]},{\"@type\":\"WebSite\",\"@id\":\"https:\/\/www.ral-c.com\/de\/#website\",\"url\":\"https:\/\/www.ral-c.com\/de\/\",\"name\":\"RAL Quality Mark Candles\",\"description\":\"G\u00fctezeichen f\u00fcr Kerzen\",\"publisher\":{\"@id\":\"https:\/\/www.ral-c.com\/de\/#organization\"},\"potentialAction\":[{\"@type\":\"SearchAction\",\"target\":{\"@type\":\"EntryPoint\",\"urlTemplate\":\"https:\/\/www.ral-c.com\/de\/?s={search_term_string}\"},\"query-input\":{\"@type\":\"PropertyValueSpecification\",\"valueRequired\":true,\"valueName\":\"search_term_string\"}}],\"inLanguage\":\"de\"},{\"@type\":\"Organization\",\"@id\":\"https:\/\/www.ral-c.com\/de\/#organization\",\"name\":\"RAL Quality Mark Candles\",\"url\":\"https:\/\/www.ral-c.com\/de\/\",\"logo\":{\"@type\":\"ImageObject\",\"inLanguage\":\"de\",\"@id\":\"https:\/\/www.ral-c.com\/de\/#\/schema\/logo\/image\/\",\"url\":\"https:\/\/www.ral-c.com\/wp-content\/uploads\/2024\/08\/ral-website-logo-en.jpg\",\"contentUrl\":\"https:\/\/www.ral-c.com\/wp-content\/uploads\/2024\/08\/ral-website-logo-en.jpg\",\"width\":739,\"height\":1419,\"caption\":\"RAL Quality Mark Candles\"},\"image\":{\"@id\":\"https:\/\/www.ral-c.com\/de\/#\/schema\/logo\/image\/\"},\"sameAs\":[\"https:\/\/www.facebook.com\/kerzenguete\/\",\"https:\/\/www.instagram.com\/ralqualitymarkcandles\/\"]}]}<\/script>\n<!-- \/ Yoast SEO plugin. -->","yoast_head_json":{"title":"Barrierefreiheit - RAL","description":"Erfahren Sie, wie RAL barrierefreie Gestaltung f\u00f6rdert \u2013 mit Normen, Farben und L\u00f6sungen f\u00fcr mehr Zug\u00e4nglichkeit im \u00f6ffentlichen Raum.","robots":{"index":"noindex","follow":"follow"},"og_locale":"de_DE","og_type":"article","og_title":"Barrierefreiheit - RAL","og_description":"Erfahren Sie, wie RAL barrierefreie Gestaltung f\u00f6rdert \u2013 mit Normen, Farben und L\u00f6sungen f\u00fcr mehr Zug\u00e4nglichkeit im \u00f6ffentlichen Raum.","og_url":"https:\/\/www.ral-c.com\/de\/barrierefreiheit\/","og_site_name":"RAL","article_publisher":"https:\/\/www.facebook.com\/kerzenguete\/","article_modified_time":"2025-07-17T08:14:07+00:00","twitter_card":"summary_large_image","twitter_misc":{"Gesch\u00e4tzte Lesezeit":"2\u00a0Minuten"},"schema":{"@context":"https:\/\/schema.org","@graph":[{"@type":"WebPage","@id":"https:\/\/www.ral-c.com\/de\/barrierefreiheit\/","url":"https:\/\/www.ral-c.com\/de\/barrierefreiheit\/","name":"Barrierefreiheit - RAL","isPartOf":{"@id":"https:\/\/www.ral-c.com\/de\/#website"},"datePublished":"2025-07-17T07:55:55+00:00","dateModified":"2025-07-17T08:14:07+00:00","description":"Erfahren Sie, wie RAL barrierefreie Gestaltung f\u00f6rdert \u2013 mit Normen, Farben und L\u00f6sungen f\u00fcr mehr Zug\u00e4nglichkeit im \u00f6ffentlichen Raum.","breadcrumb":{"@id":"https:\/\/www.ral-c.com\/de\/barrierefreiheit\/#breadcrumb"},"inLanguage":"de","potentialAction":[{"@type":"ReadAction","target":["https:\/\/www.ral-c.com\/de\/barrierefreiheit\/"]}]},{"@type":"BreadcrumbList","@id":"https:\/\/www.ral-c.com\/de\/barrierefreiheit\/#breadcrumb","itemListElement":[{"@type":"ListItem","position":1,"name":"Home","item":"https:\/\/www.ral-c.com\/de\/"},{"@type":"ListItem","position":2,"name":"Barrierefreiheit"}]},{"@type":"WebSite","@id":"https:\/\/www.ral-c.com\/de\/#website","url":"https:\/\/www.ral-c.com\/de\/","name":"RAL Quality Mark Candles","description":"G\u00fctezeichen f\u00fcr Kerzen","publisher":{"@id":"https:\/\/www.ral-c.com\/de\/#organization"},"potentialAction":[{"@type":"SearchAction","target":{"@type":"EntryPoint","urlTemplate":"https:\/\/www.ral-c.com\/de\/?s={search_term_string}"},"query-input":{"@type":"PropertyValueSpecification","valueRequired":true,"valueName":"search_term_string"}}],"inLanguage":"de"},{"@type":"Organization","@id":"https:\/\/www.ral-c.com\/de\/#organization","name":"RAL Quality Mark Candles","url":"https:\/\/www.ral-c.com\/de\/","logo":{"@type":"ImageObject","inLanguage":"de","@id":"https:\/\/www.ral-c.com\/de\/#\/schema\/logo\/image\/","url":"https:\/\/www.ral-c.com\/wp-content\/uploads\/2024\/08\/ral-website-logo-en.jpg","contentUrl":"https:\/\/www.ral-c.com\/wp-content\/uploads\/2024\/08\/ral-website-logo-en.jpg","width":739,"height":1419,"caption":"RAL Quality Mark Candles"},"image":{"@id":"https:\/\/www.ral-c.com\/de\/#\/schema\/logo\/image\/"},"sameAs":["https:\/\/www.facebook.com\/kerzenguete\/","https:\/\/www.instagram.com\/ralqualitymarkcandles\/"]}]}},"_links":{"self":[{"href":"https:\/\/www.ral-c.com\/de\/wp-json\/wp\/v2\/pages\/6311","targetHints":{"allow":["GET"]}}],"collection":[{"href":"https:\/\/www.ral-c.com\/de\/wp-json\/wp\/v2\/pages"}],"about":[{"href":"https:\/\/www.ral-c.com\/de\/wp-json\/wp\/v2\/types\/page"}],"author":[{"embeddable":true,"href":"https:\/\/www.ral-c.com\/de\/wp-json\/wp\/v2\/users\/2"}],"replies":[{"embeddable":true,"href":"https:\/\/www.ral-c.com\/de\/wp-json\/wp\/v2\/comments?post=6311"}],"version-history":[{"count":4,"href":"https:\/\/www.ral-c.com\/de\/wp-json\/wp\/v2\/pages\/6311\/revisions"}],"predecessor-version":[{"id":6321,"href":"https:\/\/www.ral-c.com\/de\/wp-json\/wp\/v2\/pages\/6311\/revisions\/6321"}],"wp:attachment":[{"href":"https:\/\/www.ral-c.com\/de\/wp-json\/wp\/v2\/media?parent=6311"}],"curies":[{"name":"wp","href":"https:\/\/api.w.org\/{rel}","templated":true}]}}